{"id":3782,"date":"2022-08-11T11:26:06","date_gmt":"2022-08-11T09:26:06","guid":{"rendered":"https:\/\/neva-veletrh.profi.ci\/news\/"},"modified":"2024-03-08T08:29:56","modified_gmt":"2024-03-08T07:29:56","slug":"news","status":"publish","type":"page","link":"https:\/\/rt2024.neva.eu\/en\/news\/","title":{"rendered":"News"},"content":{"rendered":"        <div id=\"component-deec9d893392d274aa98373a95d76554\" class=\"component component-page-header mt-7 my-5 my-lg-7 my-xxl-9\">\n          <div class=\"container-xl\">\n              <div class=\"row\">\n    <div class=\"col-xxl-10\" data-aos=\"fade-up\">\n              <h1 class=\"mt-0 mb-0\">READ ABOUT THE INTERESTING THINGS THAT HAPPENED HERE<\/h1>\n          <\/div>\n  <\/div>\n          <\/div>\n      <\/div>\n\n\n        <div id=\"component-c864ff0ccfa501275510d1c9c3443520\" class=\"component component-post-list my-5 my-lg-7 my-xxl-9\">\n          <div class=\"container-xl\">\n                        <div class=\"row gx-md-0 border-top\">\n            <div class=\"col-12 py-3 py-md-5 border-bottom\" data-aos=\"fade-up\">\n                  <div class=\"component component-post-teaser position-relative\">\n              <a href=\"https:\/\/rt2024.neva.eu\/en\/our-impressions-from-rt-2024-in-stuttgart\/\">\n    <div class=\"row gx-lg-6\">\n      <div class=\"col-md-6 col-lg-4 mb-4 mb-md-0\">\n                <picture class=\"post-teaser-image\">\n                      <source srcset=\"https:\/\/rt2024.neva.eu\/wp-content\/cache\/image\/neva-rt2024-veletrh-den-06-900x500-c-center.webp\" type=\"image\/webp\" width=\"900\" height=\"500\">\n            <source srcset=\"https:\/\/rt2024.neva.eu\/wp-content\/cache\/image\/neva-rt2024-veletrh-den-06-900x500-c-center.jpg\" type=\"image\/jpeg\" width=\"900\" height=\"500\">\n                <img decoding=\"async\" src=\"https:\/\/rt2024.neva.eu\/wp-content\/uploads\/neva-rt2024-veletrh-den-06.jpg\" type=\"image\/jpeg\" width=\"900\" height=\"500\" alt=\"\" loading=\"lazy\" class=\"img-fluid\">\n        <\/picture>\n\n      <\/div>\n      <div class=\"col-md-6\">\n        <div class=\"post-teaser-content\">\n                                <h3 class=\"h4 text-primary mt-1\">Our impressions from R+T 2024&nbsp;in Stuttgart<\/h3>\n                                <div class=\"typography\">In the second half of February, the city of Stuttgart in south-west Germany hosted Europe\u2019s largest trade fair for shading technology, R+T. It is held regularly every three years, but the last edition in 2021 was only online due to the Covid pandemic. The expectations were even higher this year\u2009\u2014\u2009was the fair able to meet&nbsp;them?<\/div>\n                  <\/div>\n      <\/div>\n    <\/div>\n  <\/a>\n      <\/div>\n\n        <\/div>\n            <div class=\"col-12 py-3 py-md-5 border-bottom\" data-aos=\"fade-up\">\n                  <div class=\"component component-post-teaser position-relative\">\n              <a href=\"https:\/\/rt2024.neva.eu\/en\/day-5-gradual-arrival-celebrations-and-dismantling-of-the-stand\/\">\n    <div class=\"row gx-lg-6\">\n      <div class=\"col-md-6 col-lg-4 mb-4 mb-md-0\">\n                <picture class=\"post-teaser-image\">\n                      <source srcset=\"https:\/\/rt2024.neva.eu\/wp-content\/cache\/image\/neva-rt2024-veletrh-den-05-900x500-c-center.webp\" type=\"image\/webp\" width=\"900\" height=\"500\">\n            <source srcset=\"https:\/\/rt2024.neva.eu\/wp-content\/cache\/image\/neva-rt2024-veletrh-den-05-900x500-c-center.jpg\" type=\"image\/jpeg\" width=\"900\" height=\"500\">\n                <img decoding=\"async\" src=\"https:\/\/rt2024.neva.eu\/wp-content\/uploads\/neva-rt2024-veletrh-den-05.jpg\" type=\"image\/jpeg\" width=\"900\" height=\"500\" alt=\"\" loading=\"lazy\" class=\"img-fluid\">\n        <\/picture>\n\n      <\/div>\n      <div class=\"col-md-6\">\n        <div class=\"post-teaser-content\">\n                                <h3 class=\"h4 text-primary mt-1\">Day #5: gradual finish, celebrations and dismantling of the&nbsp;stand<\/h3>\n                                <div class=\"typography\">The last day of the R+T fair was quieter as usual. Nevertheless, we made the most of it, greeting some colleagues and business partners again, and some of our team even stayed in Stuttgart until Saturday to sleep in and enjoy a&nbsp;visit to the Porsche Museum.<\/div>\n                  <\/div>\n      <\/div>\n    <\/div>\n  <\/a>\n      <\/div>\n\n        <\/div>\n            <div class=\"col-12 py-3 py-md-5 border-bottom\" data-aos=\"fade-up\">\n                  <div class=\"component component-post-teaser position-relative\">\n              <a href=\"https:\/\/rt2024.neva.eu\/en\/day-4-attendance-remains-high-but-we-still-went-exploring\/\">\n    <div class=\"row gx-lg-6\">\n      <div class=\"col-md-6 col-lg-4 mb-4 mb-md-0\">\n                <picture class=\"post-teaser-image\">\n                      <source srcset=\"https:\/\/rt2024.neva.eu\/wp-content\/cache\/image\/neva-rt2024-veletrh-den-04-900x500-c-center.webp\" type=\"image\/webp\" width=\"900\" height=\"500\">\n            <source srcset=\"https:\/\/rt2024.neva.eu\/wp-content\/cache\/image\/neva-rt2024-veletrh-den-04-900x500-c-center.jpg\" type=\"image\/jpeg\" width=\"900\" height=\"500\">\n                <img decoding=\"async\" src=\"https:\/\/rt2024.neva.eu\/wp-content\/uploads\/neva-rt2024-veletrh-den-04.jpg\" type=\"image\/jpeg\" width=\"900\" height=\"500\" alt=\"\" loading=\"lazy\" class=\"img-fluid\">\n        <\/picture>\n\n      <\/div>\n      <div class=\"col-md-6\">\n        <div class=\"post-teaser-content\">\n                                <h3 class=\"h4 text-primary mt-1\">Day #4: attendance remains high, but we still went exploring<\/h3>\n                                <div class=\"typography\">The second-to-last day of R+T was also marked by very high attendance. Reinforced by new members of the sales and marketing team, this time we were able to leave our stand for a&nbsp;longer period of time and take a&nbsp;good look around the entire exhibition area. So how does it look in Stuttgart this&nbsp;year?<\/div>\n                  <\/div>\n      <\/div>\n    <\/div>\n  <\/a>\n      <\/div>\n\n        <\/div>\n            <div class=\"col-12 py-3 py-md-5 border-bottom\" data-aos=\"fade-up\">\n                  <div class=\"component component-post-teaser position-relative\">\n              <a href=\"https:\/\/rt2024.neva.eu\/en\/we-wanted-nevas-stand-to-attract-attention-but-not-to-dominate-unnecessarily-says-roman-vrtiska\/\">\n    <div class=\"row gx-lg-6\">\n      <div class=\"col-md-6 col-lg-4 mb-4 mb-md-0\">\n                <picture class=\"post-teaser-image\">\n                      <source srcset=\"https:\/\/rt2024.neva.eu\/wp-content\/cache\/image\/neva-rt2024-veletrh-stanek-1-900x500-c-center.webp\" type=\"image\/webp\" width=\"900\" height=\"500\">\n            <source srcset=\"https:\/\/rt2024.neva.eu\/wp-content\/cache\/image\/neva-rt2024-veletrh-stanek-1-900x500-c-center.jpg\" type=\"image\/jpeg\" width=\"900\" height=\"500\">\n                <img decoding=\"async\" src=\"https:\/\/rt2024.neva.eu\/wp-content\/uploads\/neva-rt2024-veletrh-stanek-1.jpg\" type=\"image\/jpeg\" width=\"900\" height=\"500\" alt=\"\" loading=\"lazy\" class=\"img-fluid\">\n        <\/picture>\n\n      <\/div>\n      <div class=\"col-md-6\">\n        <div class=\"post-teaser-content\">\n                                <h3 class=\"h4 text-primary mt-1\">We wanted NEVA\u2019s stand to attract attention but not to dominate, says Roman Vrti\u0161ka<\/h3>\n                                <div class=\"typography\">It is by no means the largest or most expensive, yet our trade fair stand at R+T in Stuttgart is attracting attention. It is dominated by huge blue fans made of aluminium slats, which aim to \u201cdress\u201d the stand, but at the same time leave it open and accessible. The co-author of the design, Roman Vrti\u0161ka from VRTI\u0160KA <span class=\"amp\">&amp;<\/span>&nbsp;\u017d\u00c1K studio, explains in an interview how the company thought about the design of the&nbsp;stand.<\/div>\n                  <\/div>\n      <\/div>\n    <\/div>\n  <\/a>\n      <\/div>\n\n        <\/div>\n            <div class=\"col-12 py-3 py-md-5 border-bottom\" data-aos=\"fade-up\">\n                  <div class=\"component component-post-teaser position-relative\">\n              <a href=\"https:\/\/rt2024.neva.eu\/en\/day-3-we-rotated-the-staff-and-ordered-more-beer-and-samplers\/\">\n    <div class=\"row gx-lg-6\">\n      <div class=\"col-md-6 col-lg-4 mb-4 mb-md-0\">\n                <picture class=\"post-teaser-image\">\n                      <source srcset=\"https:\/\/rt2024.neva.eu\/wp-content\/cache\/image\/neva-rt2024-veletrh-den-03a-900x500-c-center.webp\" type=\"image\/webp\" width=\"900\" height=\"500\">\n            <source srcset=\"https:\/\/rt2024.neva.eu\/wp-content\/cache\/image\/neva-rt2024-veletrh-den-03a-900x500-c-center.jpg\" type=\"image\/jpeg\" width=\"900\" height=\"500\">\n                <img decoding=\"async\" src=\"https:\/\/rt2024.neva.eu\/wp-content\/uploads\/neva-rt2024-veletrh-den-03a.jpg\" type=\"image\/jpeg\" width=\"900\" height=\"500\" alt=\"\" loading=\"lazy\" class=\"img-fluid\">\n        <\/picture>\n\n      <\/div>\n      <div class=\"col-md-6\">\n        <div class=\"post-teaser-content\">\n                                <h3 class=\"h4 text-primary mt-1\">DAY #3: WE ROTATED THE STAFF AND ORDERED MORE BEER AND SAMPLERS<\/h3>\n                                <div class=\"typography\">The R+T trade fair entered its second half on Wednesday at noon and attendance was breaking records. The day was once again marked by many meetings, and to stay fresh until the end of the fair, we made a&nbsp;partial staff rotation. The owner Ladislav Vr\u00e1na returned to the Czech Republic, while the second owner Ji\u0159\u00ed Nesvadb\u00edk and new people from the sales and marketing team arrived.<\/div>\n                  <\/div>\n      <\/div>\n    <\/div>\n  <\/a>\n      <\/div>\n\n        <\/div>\n            <div class=\"col-12 py-3 py-md-5 border-bottom\" data-aos=\"fade-up\">\n                  <div class=\"component component-post-teaser position-relative\">\n              <a href=\"https:\/\/rt2024.neva.eu\/en\/day-2-attendance-is-not-decreasing-interest-in-the-fair-and-our-stand-is-huge\/\">\n    <div class=\"row gx-lg-6\">\n      <div class=\"col-md-6 col-lg-4 mb-4 mb-md-0\">\n                <picture class=\"post-teaser-image\">\n                      <source srcset=\"https:\/\/rt2024.neva.eu\/wp-content\/cache\/image\/neva-rt2024-veletrh-den-02-a-900x500-c-center.webp\" type=\"image\/webp\" width=\"900\" height=\"500\">\n            <source srcset=\"https:\/\/rt2024.neva.eu\/wp-content\/cache\/image\/neva-rt2024-veletrh-den-02-a-900x500-c-center.jpg\" type=\"image\/jpeg\" width=\"900\" height=\"500\">\n                <img decoding=\"async\" src=\"https:\/\/rt2024.neva.eu\/wp-content\/uploads\/neva-rt2024-veletrh-den-02-a.jpg\" type=\"image\/jpeg\" width=\"900\" height=\"500\" alt=\"\" loading=\"lazy\" class=\"img-fluid\">\n        <\/picture>\n\n      <\/div>\n      <div class=\"col-md-6\">\n        <div class=\"post-teaser-content\">\n                                <h3 class=\"h4 text-primary mt-1\">DAY #2: ATTENDANCE IS NOT DECREASING, INTEREST IN THE FAIR AND OUR STAND IS&nbsp;HUGE<\/h3>\n                                <div class=\"typography\">The R+T trade fair in Stuttgart continued on Tuesday with a&nbsp;second day. The beer is disappearing at a&nbsp;faster pace than we expected, the booth is as busy as grand central station,and some of our salespeople are having dozens of meetings a&nbsp;day. But we still took the time to peek at other exhibitors\u2019 booths as&nbsp;well.<\/div>\n                  <\/div>\n      <\/div>\n    <\/div>\n  <\/a>\n      <\/div>\n\n        <\/div>\n            <div class=\"col-12 py-3 py-md-5 border-bottom\" data-aos=\"fade-up\">\n                  <div class=\"component component-post-teaser position-relative\">\n              <a href=\"https:\/\/rt2024.neva.eu\/en\/day-1-high-attendance-at-the-fair-and-great-interest-in-our-stand\/\">\n    <div class=\"row gx-lg-6\">\n      <div class=\"col-md-6 col-lg-4 mb-4 mb-md-0\">\n                <picture class=\"post-teaser-image\">\n                      <source srcset=\"https:\/\/rt2024.neva.eu\/wp-content\/cache\/image\/neva-rt2024-veletrh-den-01-900x500-c-center.webp\" type=\"image\/webp\" width=\"900\" height=\"500\">\n            <source srcset=\"https:\/\/rt2024.neva.eu\/wp-content\/cache\/image\/neva-rt2024-veletrh-den-01-900x500-c-center.jpg\" type=\"image\/jpeg\" width=\"900\" height=\"500\">\n                <img decoding=\"async\" src=\"https:\/\/rt2024.neva.eu\/wp-content\/uploads\/neva-rt2024-veletrh-den-01.jpg\" type=\"image\/jpeg\" width=\"900\" height=\"500\" alt=\"\" loading=\"lazy\" class=\"img-fluid\">\n        <\/picture>\n\n      <\/div>\n      <div class=\"col-md-6\">\n        <div class=\"post-teaser-content\">\n                                <h3 class=\"h4 text-primary mt-1\">DAY #1: HIGH ATTENDANCE AT THE FAIR AND GREAT INTEREST IN OUR&nbsp;STAND<\/h3>\n                                <div class=\"typography\">The first day of the R+T trade fair in Stuttgart is over. Unusually this year, it started on Monday (compared to the usual Tuesday), but despite the fears, this did not have any negative impact on the attendance. On the contrary\u2009\u2014\u2009the first day was very lively.<\/div>\n                  <\/div>\n      <\/div>\n    <\/div>\n  <\/a>\n      <\/div>\n\n        <\/div>\n            <div class=\"col-12 py-3 py-md-5 border-bottom\" data-aos=\"fade-up\">\n                  <div class=\"component component-post-teaser position-relative\">\n              <a href=\"https:\/\/rt2024.neva.eu\/en\/we-are-introducing-a-new-product-flush-mounted-textile-screen\/\">\n    <div class=\"row gx-lg-6\">\n      <div class=\"col-md-6 col-lg-4 mb-4 mb-md-0\">\n                <picture class=\"post-teaser-image\">\n                      <source srcset=\"https:\/\/rt2024.neva.eu\/wp-content\/cache\/image\/neva-novy-produkt-zipscreen-veletrh-900x500-c-center.webp\" type=\"image\/webp\" width=\"900\" height=\"500\">\n            <source srcset=\"https:\/\/rt2024.neva.eu\/wp-content\/cache\/image\/neva-novy-produkt-zipscreen-veletrh-900x500-c-center.jpg\" type=\"image\/jpeg\" width=\"900\" height=\"500\">\n                <img decoding=\"async\" src=\"https:\/\/rt2024.neva.eu\/wp-content\/uploads\/neva-novy-produkt-zipscreen-veletrh.jpg\" type=\"image\/jpeg\" width=\"1920\" height=\"960\" alt=\"\" loading=\"lazy\" class=\"img-fluid\">\n        <\/picture>\n\n      <\/div>\n      <div class=\"col-md-6\">\n        <div class=\"post-teaser-content\">\n                                <h3 class=\"h4 text-primary mt-1\">We are introducing a&nbsp;new product: flush-mounted textile screen<\/h3>\n                                <div class=\"typography\">Following two-year development, we are launching a&nbsp;new product: flush-mounted textile screen. The screen is unique in having no visible welds or screws, so it has a&nbsp;absolute clean design. We presented the new textile screen for the first time at February\u2019s R+T 2024 external shading trade fair in Stuttgart.<\/div>\n                  <\/div>\n      <\/div>\n    <\/div>\n  <\/a>\n      <\/div>\n\n        <\/div>\n            <div class=\"col-12 py-3 py-md-5 border-bottom\" data-aos=\"fade-up\">\n                  <div class=\"component component-post-teaser position-relative\">\n              <a href=\"https:\/\/rt2024.neva.eu\/en\/the-rt-in-stuttgart-starts-on-monday-19-february-be-there-with-us\/\">\n    <div class=\"row gx-lg-6\">\n      <div class=\"col-md-6 col-lg-4 mb-4 mb-md-0\">\n                <picture class=\"post-teaser-image\">\n                      <source srcset=\"https:\/\/rt2024.neva.eu\/wp-content\/cache\/image\/neva-rt2024-veletrh-zacina-900x500-c-center.webp\" type=\"image\/webp\" width=\"900\" height=\"500\">\n            <source srcset=\"https:\/\/rt2024.neva.eu\/wp-content\/cache\/image\/neva-rt2024-veletrh-zacina-900x500-c-center.jpg\" type=\"image\/jpeg\" width=\"900\" height=\"500\">\n                <img decoding=\"async\" src=\"https:\/\/rt2024.neva.eu\/wp-content\/uploads\/neva-rt2024-veletrh-zacina.jpg\" type=\"image\/jpeg\" width=\"900\" height=\"500\" alt=\"\" loading=\"lazy\" class=\"img-fluid\">\n        <\/picture>\n\n      <\/div>\n      <div class=\"col-md-6\">\n        <div class=\"post-teaser-content\">\n                                <h3 class=\"h4 text-primary mt-1\">The R+T in Stuttgart starts on Monday 19 February. Be there with&nbsp;us<\/h3>\n                                <div class=\"typography\">The biggest shading technology trade fair in Europe\u2009\u2014\u2009R+T\u2009\u2014\u2009will be live again in Stuttgart for the first time in six years. The last time it was held live was in 2018, after which it was postponed due to the Covid pandemic and then held on-line in 2021. This year, you can experience it together with us, either on site or via this website and our social media channels.<\/div>\n                  <\/div>\n      <\/div>\n    <\/div>\n  <\/a>\n      <\/div>\n\n        <\/div>\n      <\/div>\n  <div class=\"mt-4 mt-md-5\" data-aos=\"fade-up\">\n    \n  <\/div>\n          <\/div>\n      <\/div>\n\n\n        <div id=\"component-a48012f00dfa99341f365b3dd840da8b\" class=\"component component-hero-text my-5 my-lg-7 my-xxl-9\">\n          <div class=\"container-xl\">\n              <div data-aos=\"fade-up\" data-aos-offset=\"-600\">\n          <h2 class=\"text-center text-h3\"><p>We also posted videos and&nbsp;reels<br>\non social networks<\/p>\n<\/h2>\n              <div class=\"d-flex flex-wrap gap-3 justify-content-center\">\n                              <div class=\"text-center\">\n                      <a href=\"https:\/\/www.facebook.com\/neva.eu\" class=\"btn btn-outline-primary\" target=\"_blank\">\n                  Facebook\n          <\/a>\n\n            <\/div>\n                                        <div class=\"text-center\">\n                      <a href=\"https:\/\/www.instagram.com\/neva.eu\/\" class=\"btn btn-outline-primary\" target=\"_blank\">\n                  Instagram\n          <\/a>\n\n            <\/div>\n                        <\/div>\n      <\/div>\n          <\/div>\n      <\/div>\n\n\n        <div id=\"component-222ab2041e2026ce27d0a9768d0d851a\" class=\"component component-hero-text my-5 my-lg-7 my-xxl-9\">\n          <div class=\"container-xl\">\n              <div data-aos=\"fade-up\" data-aos-offset=\"-600\">\n          <h2 class=\"text-center text-h3\"><p>Do you want to discuss any of&nbsp;this?<\/p>\n<\/h2>\n              <div class=\"d-flex flex-wrap gap-3 justify-content-center\">\n                              <div class=\"text-center\">\n                      <a href=\"https:\/\/rt2024.neva.eu\/en\/contact\/\" class=\"btn btn-outline-primary\" target=\"_self\">\n                  Let us&nbsp;know\n          <\/a>\n\n            <\/div>\n                        <\/div>\n      <\/div>\n          <\/div>\n      <\/div>\n","protected":false},"excerpt":{"rendered":"","protected":false},"author":1,"featured_media":3713,"parent":0,"menu_order":0,"comment_status":"closed","ping_status":"closed","template":"","meta":{"_acf_changed":false,"inline_featured_image":false,"footnotes":""},"class_list":["post-3782","page","type-page","status-publish","has-post-thumbnail","hentry"],"acf":[],"aioseo_notices":[],"_links":{"self":[{"href":"https:\/\/rt2024.neva.eu\/en\/wp-json\/wp\/v2\/pages\/3782","targetHints":{"allow":["GET"]}}],"collection":[{"href":"https:\/\/rt2024.neva.eu\/en\/wp-json\/wp\/v2\/pages"}],"about":[{"href":"https:\/\/rt2024.neva.eu\/en\/wp-json\/wp\/v2\/types\/page"}],"author":[{"embeddable":true,"href":"https:\/\/rt2024.neva.eu\/en\/wp-json\/wp\/v2\/users\/1"}],"replies":[{"embeddable":true,"href":"https:\/\/rt2024.neva.eu\/en\/wp-json\/wp\/v2\/comments?post=3782"}],"version-history":[{"count":5,"href":"https:\/\/rt2024.neva.eu\/en\/wp-json\/wp\/v2\/pages\/3782\/revisions"}],"predecessor-version":[{"id":4255,"href":"https:\/\/rt2024.neva.eu\/en\/wp-json\/wp\/v2\/pages\/3782\/revisions\/4255"}],"wp:featuredmedia":[{"embeddable":true,"href":"https:\/\/rt2024.neva.eu\/en\/wp-json\/wp\/v2\/media\/3713"}],"wp:attachment":[{"href":"https:\/\/rt2024.neva.eu\/en\/wp-json\/wp\/v2\/media?parent=3782"}],"curies":[{"name":"wp","href":"https:\/\/api.w.org\/{rel}","templated":true}]}}